{"id":570,"date":"2017-08-24T16:01:31","date_gmt":"2017-08-24T14:01:31","guid":{"rendered":"http:\/\/novembremusicaldesvoirons.com\/?page_id=570"},"modified":"2025-09-15T18:19:23","modified_gmt":"2025-09-15T16:19:23","slug":"soutiens-et-partenaires","status":"publish","type":"page","link":"https:\/\/novembremusicaldesvoirons.com\/index.php\/soutiens-et-partenaires\/","title":{"rendered":"Soutiens et Partenaires en 2025"},"content":{"rendered":"\n<p class=\"has-text-align-left\"><em>Le soutien financier des autorit\u00e9s publiques, de nos m\u00e9c\u00e8nes et de nos sponsors est primordial pour notre festival, de m\u00eame que celui de notre fid\u00e8le public qui, par ses contributions dans les corbeilles \u00e0 la fin des concerts, assure dans une large mesure la p\u00e9rennit\u00e9 du festival.<\/em><\/p>\n\n\n\n<p><em>Au-del\u00e0 des finances et tout aussi essentielles, le festival b\u00e9n\u00e9ficie d\u2019aides sous forme b\u00e9n\u00e9vole, notamment dans les domaines de l\u2019organisation et de la logistique (pr\u00e9paration des salles de concert, h\u00e9bergements, transports, repas, etc.), sans oublier les dons en nature.<\/em><\/p>\n\n\n\n<p><em>A tous ces pr\u00e9cieux soutiens, nous adressons nos sinc\u00e8res remerciements.<\/em><\/p>\n\n\n\n<div class=\"wp-block-media-text alignwide has-media-on-the-right is-stacked-on-mobile\" style=\"grid-template-columns:auto 42%\"><div class=\"wp-block-media-text__content\">\n<h2 class=\"wp-block-heading\"><strong>Partenaires<\/strong><\/h2>\n\n\n\n<p>Partenariat artistique : association \u00ab\u00a0Musiques d&rsquo;un Si\u00e8cle\u00a0\u00bb<\/p>\n\n\n\n<h2 class=\"wp-block-heading\"><strong>Soutiens financiers<\/strong><\/h2>\n\n\n\n<p><strong>Autorit\u00e9s publiques&nbsp;:<\/strong><\/p>\n\n\n\n<ul class=\"wp-block-list\">\n<li>les communes partenaires du festival&nbsp;:<br>Bonne, Cranves-Sales, Lucinges, St-Cergues, Machilly<\/li>\n\n\n\n<li>le D\u00e9partement de la Haute-Savoie<\/li>\n\n\n\n<li>Spedidam<\/li>\n\n\n\n<li>Sacem<\/li>\n<\/ul>\n\n\n\n<p><strong>Donateurs et sponsors&nbsp;:<\/strong><\/p>\n\n\n\n<ul class=\"wp-block-list\">\n<li>Cr\u00e9dit Agricole<\/li>\n\n\n\n<li>Distri-Club M\u00e9dical<\/li>\n\n\n\n<li>H\u00f4tel Baud<\/li>\n\n\n\n<li>Super U Bonne<\/li>\n\n\n\n<li>Chalets Chardon<\/li>\n\n\n\n<li>AXA Viuz-en-Sallaz<\/li>\n\n\n\n<li>V\u00eatements Tarantola<\/li>\n\n\n\n<li>Bosson Motoculture<\/li>\n\n\n\n<li>Les Ma\u00eetres d\u2019\u0153uvre Associ\u00e9s<\/li>\n\n\n\n<li>Round Office<\/li>\n\n\n\n<li>Banette (boulangerie de Lucinges)<\/li>\n\n\n\n<li>Vins Duvernay<\/li>\n\n\n\n<li>La Fruiti\u00e8re des Neiges<\/li>\n<\/ul>\n\n\n\n<h2 class=\"wp-block-heading\"><strong>Soutiens autres que financiers<\/strong><\/h2>\n\n\n\n<p><strong>Communes partenaires<\/strong>\u00a0: mise \u00e0 disposition des salles communales pour les concerts, aide technique et logistique<\/p>\n\n\n\n<p><strong>Paroisses<\/strong> (mise \u00e0 disposition des \u00e9glises comme lieux de concerts) :<\/p>\n\n\n\n<ul class=\"wp-block-list\">\n<li>La Trinit\u00e9 au Pays des Voirons (\u00e9glise de Cranves-Sales et de Bonne)<\/li>\n\n\n\n<li>St-Jean Bosco en Chablais (\u00e9glise de Machilly)<\/li>\n<\/ul>\n\n\n\n<p><strong>Contribution b\u00e9n\u00e9vole<\/strong> de nombreux membres et sympathisants de N.M.V. dans l\u2019organisation, la communication, la logistique, etc.<\/p>\n\n\n\n<p><strong>Soutiens&nbsp;:<\/strong><\/p>\n\n\n\n<ul class=\"wp-block-list\">\n<li>TAC (affichage dans les bus)<\/li>\n\n\n\n<li>CHAL (affichage \u00e0 l\u2019h\u00f4pital)<\/li>\n<\/ul>\n<\/div><figure class=\"wp-block-media-text__media\"><img loading=\"lazy\" decoding=\"async\" width=\"1024\" height=\"613\" src=\"https:\/\/novembremusicaldesvoirons.com\/wp-content\/uploads\/2021\/12\/DSC_8802-1024x613.jpg\" alt=\"\" class=\"wp-image-3547 size-full\"\/><\/figure><\/div>\n\n\n\n<figure class=\"wp-block-image size-large is-resized\"><img loading=\"lazy\" decoding=\"async\" width=\"1024\" height=\"576\" src=\"https:\/\/novembremusicaldesvoirons.com\/wp-content\/uploads\/2025\/09\/Logos-2025-reagences-1024x576.jpg\" alt=\"\" class=\"wp-image-5447\" style=\"width:1033px;height:581px\" srcset=\"https:\/\/novembremusicaldesvoirons.com\/wp-content\/uploads\/2025\/09\/Logos-2025-reagences-1024x576.jpg 1024w, https:\/\/novembremusicaldesvoirons.com\/wp-content\/uploads\/2025\/09\/Logos-2025-reagences-300x169.jpg 300w, https:\/\/novembremusicaldesvoirons.com\/wp-content\/uploads\/2025\/09\/Logos-2025-reagences-768x432.jpg 768w, https:\/\/novembremusicaldesvoirons.com\/wp-content\/uploads\/2025\/09\/Logos-2025-reagences-1536x864.jpg 1536w, https:\/\/novembremusicaldesvoirons.com\/wp-content\/uploads\/2025\/09\/Logos-2025-reagences.jpg 1920w\" sizes=\"auto, (max-width: 1024px) 100vw, 1024px\" \/><\/figure>\n","protected":false},"excerpt":{"rendered":"<p>Le soutien financier des autorit\u00e9s publiques, de nos m\u00e9c\u00e8nes et de nos sponsors est primordial pour notre festival, de m\u00eame que celui de notre fid\u00e8le public qui, par ses contributions dans les corbeilles \u00e0 la fin des concerts, assure dans<\/p>\n","protected":false},"author":3,"featured_media":0,"parent":0,"menu_order":0,"comment_status":"closed","ping_status":"closed","template":"","meta":{"footnotes":""},"class_list":["post-570","page","type-page","status-publish","hentry"],"_links":{"self":[{"href":"https:\/\/novembremusicaldesvoirons.com\/index.php\/wp-json\/wp\/v2\/pages\/570","targetHints":{"allow":["GET"]}}],"collection":[{"href":"https:\/\/novembremusicaldesvoirons.com\/index.php\/wp-json\/wp\/v2\/pages"}],"about":[{"href":"https:\/\/novembremusicaldesvoirons.com\/index.php\/wp-json\/wp\/v2\/types\/page"}],"author":[{"embeddable":true,"href":"https:\/\/novembremusicaldesvoirons.com\/index.php\/wp-json\/wp\/v2\/users\/3"}],"replies":[{"embeddable":true,"href":"https:\/\/novembremusicaldesvoirons.com\/index.php\/wp-json\/wp\/v2\/comments?post=570"}],"version-history":[{"count":96,"href":"https:\/\/novembremusicaldesvoirons.com\/index.php\/wp-json\/wp\/v2\/pages\/570\/revisions"}],"predecessor-version":[{"id":5502,"href":"https:\/\/novembremusicaldesvoirons.com\/index.php\/wp-json\/wp\/v2\/pages\/570\/revisions\/5502"}],"wp:attachment":[{"href":"https:\/\/novembremusicaldesvoirons.com\/index.php\/wp-json\/wp\/v2\/media?parent=570"}],"curies":[{"name":"wp","href":"https:\/\/api.w.org\/{rel}","templated":true}]}}