{"id":567,"date":"2017-08-24T15:59:20","date_gmt":"2017-08-24T13:59:20","guid":{"rendered":"http:\/\/novembremusicaldesvoirons.com\/?page_id=567"},"modified":"2025-09-15T09:56:48","modified_gmt":"2025-09-15T07:56:48","slug":"membres","status":"publish","type":"page","link":"https:\/\/novembremusicaldesvoirons.com\/index.php\/membres\/","title":{"rendered":"Le comit\u00e9 organisateur"},"content":{"rendered":"\n<p class=\"has-text-align-center\"><strong>NOVEMBRE MUSICAL DES VOIRONS&nbsp; &nbsp;est une association culturelle d\u2019int\u00e9r\u00eat g\u00e9n\u00e9ral (loi 1901)<\/strong><br>Si\u00e8ge social : 441, route de la Charniaz &#8211; 74380 &#8211; BONNE<\/p>\n\n\n\n<div style=\"height:32px\" aria-hidden=\"true\" class=\"wp-block-spacer\"><\/div>\n\n\n\n<div class=\"wp-block-media-text alignwide has-media-on-the-right is-stacked-on-mobile is-vertically-aligned-center\" style=\"grid-template-columns:auto 42%\"><div class=\"wp-block-media-text__content\">\n<p class=\"has-medium-font-size\"><em><strong>Composition du comit\u00e9 2025 :<\/strong><\/em><\/p>\n\n\n\n<div class=\"wp-block-group is-layout-constrained wp-block-group-is-layout-constrained\">\n<ul class=\"wp-block-list\">\n<li>R\u00e9mi <strong>PEYSSON&nbsp;<\/strong> pr\u00e9sident et tr\u00e9sorier<\/li>\n\n\n\n<li>Philippe&nbsp; <strong>BAUMONT<\/strong> vice pr\u00e9sident<\/li>\n\n\n\n<li>Odile&nbsp; <strong>BAUMONT<\/strong> secr\u00e9taire<\/li>\n\n\n\n<li>Jacques <strong>BARBIER<\/strong><\/li>\n\n\n\n<li>Anne <strong>BARBIER<\/strong><\/li>\n\n\n\n<li>Dominique <strong>CATASSO<\/strong><\/li>\n\n\n\n<li>Philippe <strong>HAUVESPRE<\/strong><\/li>\n\n\n\n<li>Caroline <strong>PEYSSON<\/strong><\/li>\n\n\n\n<li>Jean-Louis <strong>ROSSET<\/strong><\/li>\n\n\n\n<li>Marc <strong>VICAT<\/strong><\/li>\n\n\n\n<li>Hugues <strong>CADAS<\/strong><\/li>\n<\/ul>\n<\/div>\n<\/div><figure class=\"wp-block-media-text__media\"><img loading=\"lazy\" decoding=\"async\" width=\"400\" height=\"300\" src=\"https:\/\/novembremusicaldesvoirons.com\/wp-content\/uploads\/2023\/10\/Comite-N.M.V..jpeg\" alt=\"\" class=\"wp-image-4223 size-full\" srcset=\"https:\/\/novembremusicaldesvoirons.com\/wp-content\/uploads\/2023\/10\/Comite-N.M.V..jpeg 400w, https:\/\/novembremusicaldesvoirons.com\/wp-content\/uploads\/2023\/10\/Comite-N.M.V.-300x225.jpeg 300w\" sizes=\"auto, (max-width: 400px) 100vw, 400px\" \/><\/figure><\/div>\n\n\n\n<div style=\"height:43px\" aria-hidden=\"true\" class=\"wp-block-spacer\"><\/div>\n\n\n\n<p class=\"has-medium-font-size\"><\/p>\n\n\n\n<div class=\"wp-block-media-text is-stacked-on-mobile\" style=\"grid-template-columns:32% auto\"><figure class=\"wp-block-media-text__media\"><img loading=\"lazy\" decoding=\"async\" width=\"1000\" height=\"756\" src=\"https:\/\/novembremusicaldesvoirons.com\/wp-content\/uploads\/2024\/12\/Francois-Salque.jpg\" alt=\"\" class=\"wp-image-5250 size-full\" srcset=\"https:\/\/novembremusicaldesvoirons.com\/wp-content\/uploads\/2024\/12\/Francois-Salque.jpg 1000w, https:\/\/novembremusicaldesvoirons.com\/wp-content\/uploads\/2024\/12\/Francois-Salque-300x227.jpg 300w, https:\/\/novembremusicaldesvoirons.com\/wp-content\/uploads\/2024\/12\/Francois-Salque-768x581.jpg 768w\" sizes=\"auto, (max-width: 1000px) 100vw, 1000px\" \/><\/figure><div class=\"wp-block-media-text__content\">\n<p class=\"has-medium-font-size\"><strong><em>Directeur musical :<\/em><\/strong><\/p>\n\n\n\n<p>Fran\u00e7ois <strong>SALQUE<\/strong><\/p>\n\n\n\n<p class=\"has-medium-font-size\"><em><strong>Pr\u00e9sident :<\/strong><\/em><\/p>\n\n\n\n<p>R\u00e9mi<strong> PEYSSON<\/strong><\/p>\n\n\n\n<p class=\"has-medium-font-size\"><em><strong>Pr\u00e9sidente d\u2019honneur&nbsp;:<\/strong><\/em><\/p>\n\n\n\n<p>Janja <strong>FRITSCH<\/strong><\/p>\n\n\n\n<p><em>Elle a \u00e9t\u00e9 l\u2019instigatrice du festival qui a vu le jour gr\u00e2ce \u00e0 son opini\u00e2tret\u00e9 et sa pers\u00e9v\u00e9rance et gr\u00e2ce \u00e0 son \u00e9troite collaboration et sa complicit\u00e9 avec Fran\u00e7ois SALQUE.<\/em><\/p>\n<\/div><\/div>\n","protected":false},"excerpt":{"rendered":"<p>NOVEMBRE MUSICAL DES VOIRONS&nbsp; &nbsp;est une association culturelle d\u2019int\u00e9r\u00eat g\u00e9n\u00e9ral (loi 1901)Si\u00e8ge social : 441, route de la Charniaz &#8211; 74380 &#8211; BONNE Directeur musical : Fran\u00e7ois SALQUE Pr\u00e9sident : R\u00e9mi PEYSSON Pr\u00e9sidente d\u2019honneur&nbsp;: Janja FRITSCH Elle a \u00e9t\u00e9 l\u2019instigatrice<\/p>\n","protected":false},"author":3,"featured_media":0,"parent":0,"menu_order":0,"comment_status":"closed","ping_status":"closed","template":"","meta":{"footnotes":""},"class_list":["post-567","page","type-page","status-publish","hentry"],"_links":{"self":[{"href":"https:\/\/novembremusicaldesvoirons.com\/index.php\/wp-json\/wp\/v2\/pages\/567","targetHints":{"allow":["GET"]}}],"collection":[{"href":"https:\/\/novembremusicaldesvoirons.com\/index.php\/wp-json\/wp\/v2\/pages"}],"about":[{"href":"https:\/\/novembremusicaldesvoirons.com\/index.php\/wp-json\/wp\/v2\/types\/page"}],"author":[{"embeddable":true,"href":"https:\/\/novembremusicaldesvoirons.com\/index.php\/wp-json\/wp\/v2\/users\/3"}],"replies":[{"embeddable":true,"href":"https:\/\/novembremusicaldesvoirons.com\/index.php\/wp-json\/wp\/v2\/comments?post=567"}],"version-history":[{"count":107,"href":"https:\/\/novembremusicaldesvoirons.com\/index.php\/wp-json\/wp\/v2\/pages\/567\/revisions"}],"predecessor-version":[{"id":5482,"href":"https:\/\/novembremusicaldesvoirons.com\/index.php\/wp-json\/wp\/v2\/pages\/567\/revisions\/5482"}],"wp:attachment":[{"href":"https:\/\/novembremusicaldesvoirons.com\/index.php\/wp-json\/wp\/v2\/media?parent=567"}],"curies":[{"name":"wp","href":"https:\/\/api.w.org\/{rel}","templated":true}]}}