{"id":392,"date":"2017-07-05T12:29:43","date_gmt":"2017-07-05T10:29:43","guid":{"rendered":"http:\/\/novembremusicaldesvoirons.com\/?page_id=392"},"modified":"2017-10-29T11:04:21","modified_gmt":"2017-10-29T10:04:21","slug":"emmanuelle-bertrand","status":"publish","type":"page","link":"https:\/\/novembremusicaldesvoirons.com\/index.php\/emmanuelle-bertrand\/","title":{"rendered":"Emmanuelle BERTRAND"},"content":{"rendered":"<h2><a href=\"https:\/\/novembremusicaldesvoirons.com\/wp-content\/uploads\/2017\/07\/Biographie-Emmanuelle-Bertrand.rtf\"><img loading=\"lazy\" decoding=\"async\" class=\" wp-image-308 alignleft\" src=\"https:\/\/novembremusicaldesvoirons.com\/wp-content\/uploads\/2017\/05\/396_Emmanuelle-Bertrand-Francois-Sechet-2-300x200.jpeg\" alt=\"\" width=\"330\" height=\"220\" \/><br \/>\n<\/a>Emmanuelle Bertrand<\/h2>\n<p>\u00ab\u00a0Le violoncelle fran\u00e7ais a sa muse, elle s\u2019appelle Emmanuelle Bertrand\u00a0\u00bb \u2013 Diapason,\u00a0 d\u00e9c. 2015.<br \/>\nDe son propre aveu, Emmanuelle Bertrand n\u2019est pas de ces b\u00eates \u00e0 concours qui se grisent de la course aux prix internationaux. Et pourtant\u2026 Dipl\u00f4m\u00e9e des Conservatoires Sup\u00e9rieurs de Lyon et Paris, laur\u00e9ate du Concours International Rostropovitch, Premiers Prix du Concours de Musique de Chambre du Japon et de l\u2019Acad\u00e9mie Internationale Maurice Ravel, R\u00e9v\u00e9lation Classique de l\u2019Adami, Grand prix de la Critique\u2026<\/p>\n<p>C\u2019est une Victoire de la Musique qui la r\u00e9v\u00e8le au grand public en 2002 et depuis, chacun de ses enregistrements est salu\u00e9 comme un \u00e9v\u00e9nement par la presse nationale et internationale qui lui d\u00e9cerne les plus grandes distinctions\u00a0: Diapason d\u2019Or de l\u2019ann\u00e9e, Choc de Classica, Gramophnone Music Award, Cannes Classical Award, Preis der deutschen Schallplattenkritik\u2026<\/p>\n<p>Personnalit\u00e9 rayonnante et g\u00e9n\u00e9reuse, Emmanuelle Bertrand se distingue par sa capacit\u00e9 \u00e0 rendre accessible et faire partager au plus grand nombre des choix de r\u00e9pertoire audacieux et une curiosit\u00e9 insatiable. Elle suscite et cr\u00e9\u00e9 des \u0153uvres dont elle est d\u00e9dicataire (B. Cavanna, T. Escaich, P. Amoyel, N. Bacri, E. Canat de Chizy\u2026). Elle se consacre aussi \u00e0 l\u2019\u00e9criture et \u00e0 la cr\u00e9ation de spectacles tels que Le Block 15 qui raconte l\u2019histoire vraie de musiciens dont la vie fut sauv\u00e9e par la musique durant la seconde guerre mondiale, ou plus r\u00e9cemment le Violoncelle de guerre en hommage \u00e0 Maurice Mar\u00e9chal et \u00e0 son violoncelle de fortune fabriqu\u00e9 dans les tranch\u00e9es de la premi\u00e8re guerre mondiale. Ces deux programmes ont fait l\u2019objet d\u2019adaptions pour France T\u00e9l\u00e9vision.<br \/>\nD\u00e8s 1999, le compositeur Henri Dutilleux d\u00e9celait chez elle un talent \u00e0 part, n\u2019h\u00e9sitant pas \u00e0 la consid\u00e9rer comme une \u00ab\u00a0v\u00e9ritable r\u00e9v\u00e9lation\u00a0\u00bb. Depuis, on peut lire \u00e0 son propos\u00a0:<br \/>\n\u00ab\u00a0 Emmanuelle Bertrand sait faire entendre (c\u2019est si rare\u00a0!) une voix qui n\u2019appartient qu\u2019\u00e0 elle, comme charg\u00e9e d\u2019un suppl\u00e9ment d\u2019\u00e2me et d\u2019amour\u2026\u00a0\u00bb La Terrasse<br \/>\n\u00ab\u00a0On ne sait quoi admirer le plus\u00a0: la virtuosit\u00e9 continue ou la vibrante \u00e9l\u00e9vation du discours, la souveraine aisance de la ligne ou l\u2019incroyable palette sonore\u00a0\u00bb La Croix<br \/>\n\u00ab\u00a0Emmanuelle Bertrand est une musicienne \u00e9perdue, cultivant l\u2019exigence et ruminant ses myst\u00e8res. Elle sait oublier ce qu\u2019il faut de technique pour laisser s\u2019envoler l\u2019esprit.\u00a0\u00bb T\u00e9l\u00e9rama<br \/>\n\u00ab\u00a0Elle est capable de vous faire chanter une corde \u00e0 linge comme un rossignol\u00a0! Une main l\u00e9g\u00e8re, pr\u00e9cise, volubile, et d\u2019une fermet\u00e9 imperturbable.\u00a0\u00bb La Montagne<br \/>\nEn tant que soliste, on a pu l\u2019entendre avec l\u2019Orchestre Symphonique de Lucerne, l\u2019Orchestre Symphonique du Grand Montr\u00e9al, l\u2019Orchestre National d\u2019Ukraine, l\u2019Orchestre Symphonique d\u2019Etat de Moscou, le BBC National Orchestra of Wales, l\u2019Orchestre symphonique de Lucerne, l\u2019Orchestre Symphonique de Busan (Cor\u00e9e), l\u2019Orchestre Musica Vitae de Su\u00e8de, l\u2019Orchestre Symphonique de Qu\u00e9bec, l\u2019Orchestre Symphonique de la RTV de Slov\u00e9nie, l\u2019Orchestre Symphonique de Wuhan (Chine), les Orchestres Nationaux de Lille, d\u2019Ile de France, de Lorraine, les Orchestres Philharmoniques de Strasbourg, de Monte Carlo\u2026<br \/>\nPassionn\u00e9e de musique de chambre, elle forme depuis 15 ans un duo avec le pianiste Pascal Amoyel avec lequel elle explore autant d\u2019\u0153uvres in\u00e9dites que de grand r\u00e9pertoire. Soucieuse de participer \u00e0 une forme de transmission \u00e0 travers son art, mais aussi de repenser sans cesse la mission du musicien dans la soci\u00e9t\u00e9, Emmanuelle Bertrand consacre une partie de son temps \u00e0 l\u2019enseignement de la musique de chambre au Conservatoire National Sup\u00e9rieur de Paris et du violoncelle au Conservatpire de Gennevilliers ainsi que lors de masterclasses internationales.<br \/>\nElue Artiste de l\u2019Ann\u00e9e 2011 par le magazine Diapason et les auditeurs de France Musique, elle est directrice artistique du Festival de Violoncelle de Beauvais et marraine de l\u2019Estival de la B\u00e2tie dans le Loire. Elle est Chevalier de l\u2019Ordre des Arts et des Lettres.<\/p>\n<p><a href=\"https:\/\/www.emmanuelle-bertrand.com\">https:\/\/www.emmanuelle-bertrand.com<\/a><\/p>\n<p>Pour le concert du samedi 11 \u00e0 20h30, Emmanuelle Bertrand sera accompagn\u00e9e<br \/>\nde <strong>Fran\u00e7ois Salque<\/strong> au violoncelle<br \/>\net des Jeunes Solistes de Paris :<br \/>\n<strong>Martina Morello<\/strong>, clarinette,<br \/>\n<strong>Gabriel Pidoux<\/strong>, hautbois,<br \/>\n<strong>Mathilde Klein,<\/strong> violon,<br \/>\n<strong>Anna Sypniewski,<\/strong> alto<\/p>\n","protected":false},"excerpt":{"rendered":"<p>Emmanuelle Bertrand \u00ab\u00a0Le violoncelle fran\u00e7ais a sa muse, elle s\u2019appelle Emmanuelle Bertrand\u00a0\u00bb \u2013 Diapason,\u00a0 d\u00e9c. 2015. De son propre aveu, Emmanuelle Bertrand n\u2019est pas de ces b\u00eates \u00e0 concours qui se grisent de la course aux prix internationaux. Et pourtant\u2026<\/p>\n","protected":false},"author":3,"featured_media":0,"parent":0,"menu_order":0,"comment_status":"closed","ping_status":"closed","template":"","meta":{"footnotes":""},"class_list":["post-392","page","type-page","status-publish","hentry"],"_links":{"self":[{"href":"https:\/\/novembremusicaldesvoirons.com\/index.php\/wp-json\/wp\/v2\/pages\/392","targetHints":{"allow":["GET"]}}],"collection":[{"href":"https:\/\/novembremusicaldesvoirons.com\/index.php\/wp-json\/wp\/v2\/pages"}],"about":[{"href":"https:\/\/novembremusicaldesvoirons.com\/index.php\/wp-json\/wp\/v2\/types\/page"}],"author":[{"embeddable":true,"href":"https:\/\/novembremusicaldesvoirons.com\/index.php\/wp-json\/wp\/v2\/users\/3"}],"replies":[{"embeddable":true,"href":"https:\/\/novembremusicaldesvoirons.com\/index.php\/wp-json\/wp\/v2\/comments?post=392"}],"version-history":[{"count":12,"href":"https:\/\/novembremusicaldesvoirons.com\/index.php\/wp-json\/wp\/v2\/pages\/392\/revisions"}],"predecessor-version":[{"id":990,"href":"https:\/\/novembremusicaldesvoirons.com\/index.php\/wp-json\/wp\/v2\/pages\/392\/revisions\/990"}],"wp:attachment":[{"href":"https:\/\/novembremusicaldesvoirons.com\/index.php\/wp-json\/wp\/v2\/media?parent=392"}],"curies":[{"name":"wp","href":"https:\/\/api.w.org\/{rel}","templated":true}]}}