{"id":266,"date":"2017-05-17T19:16:51","date_gmt":"2017-05-17T17:16:51","guid":{"rendered":"http:\/\/novembremusicaldesvoirons.com\/?page_id=266"},"modified":"2017-10-21T09:52:27","modified_gmt":"2017-10-21T07:52:27","slug":"nous-soutenir-2","status":"publish","type":"page","link":"https:\/\/novembremusicaldesvoirons.com\/index.php\/nous-soutenir-2\/","title":{"rendered":"Soutenir le festival"},"content":{"rendered":"<p><img loading=\"lazy\" decoding=\"async\" class=\" wp-image-512 alignleft\" src=\"https:\/\/novembremusicaldesvoirons.com\/wp-content\/uploads\/2017\/07\/LOGOOOook-214x300.jpg\" alt=\"\" width=\"258\" height=\"361\" \/><\/p>\n<p>Si vous aimez et appr\u00e9ciez le festival, vous pouvez lui apporter votre soutien : signalez-vous \u00e0 l&rsquo;aide de notre page \u00ab\u00a0contact\u00a0\u00bb et<\/p>\n<ul>\n<li>devenez <strong>membre Promenades Musicales, <\/strong>l&rsquo;association organisatrice du festival. Il est important que de nombreux adh\u00e9rents soutiennent la manifestation et confortent son ancrage dans la soci\u00e9t\u00e9 civile.<br \/>\nLa cotisation s&rsquo;\u00e9l\u00e8ve \u00e0 10\u20ac par ann\u00e9e.<\/li>\n<li>participez \u00e0 <strong>la pr\u00e9paration et\/ou \u00e0 la r\u00e9alisation du festival<\/strong> : administration, recherche de fonds, communication, \u00e9laboration du festival tout au long de l&rsquo;ann\u00e9e, et\/ou durant le festival, accueil du public et des artistes. <strong>L&rsquo;\u00e9quipe organisatrice sera heureuse de vous accueillir<\/strong> et de partager plus largement les nombreuses t\u00e2ches que n\u00e9cessite le festival.<\/li>\n<li>faites <strong>un don<\/strong> car le volet financier est fragile, bien qu&rsquo;indispensable \u00e0 la r\u00e9ussite et la continuation du festival.Toutes les contributions sont pr\u00e9cieuses, qu&rsquo;elles proviennent de personnes priv\u00e9es, de m\u00e9c\u00e9nat ou de subventions publiques.<br \/>\nLes dons ou prestations en nature durant le festival sont \u00e9galement tr\u00e8s appr\u00e9ci\u00e9s, en particulier de la part des commer\u00e7ants et prestataires\u00a0 locaux.<\/p>\n<p><em><strong>NB\u00a0<\/strong>: Les donations peuvent faire l&rsquo;objet de cr\u00e9dits d&rsquo;imp\u00f4ts, pour les particuliers comme pour les entreprises (pour ces derni\u00e8res,\u00a0 <a href=\"https:\/\/www.impots.gouv.fr\">www.impots.gouv.fr<\/a>,\u00a0 dons aux associations, art. 238 bis CGI, document 2069-M-SD). Les re\u00e7us ad\u00e9quats seront d\u00e9livr\u00e9s<\/em><\/li>\n<\/ul>\n<p>&nbsp;<\/p>\n","protected":false},"excerpt":{"rendered":"<p>Si vous aimez et appr\u00e9ciez le festival, vous pouvez lui apporter votre soutien : signalez-vous \u00e0 l&rsquo;aide de notre page \u00ab\u00a0contact\u00a0\u00bb et devenez membre Promenades Musicales, l&rsquo;association organisatrice du festival. Il est important que de nombreux adh\u00e9rents soutiennent la manifestation<\/p>\n","protected":false},"author":3,"featured_media":0,"parent":0,"menu_order":0,"comment_status":"closed","ping_status":"closed","template":"","meta":{"footnotes":""},"class_list":["post-266","page","type-page","status-publish","hentry"],"_links":{"self":[{"href":"https:\/\/novembremusicaldesvoirons.com\/index.php\/wp-json\/wp\/v2\/pages\/266","targetHints":{"allow":["GET"]}}],"collection":[{"href":"https:\/\/novembremusicaldesvoirons.com\/index.php\/wp-json\/wp\/v2\/pages"}],"about":[{"href":"https:\/\/novembremusicaldesvoirons.com\/index.php\/wp-json\/wp\/v2\/types\/page"}],"author":[{"embeddable":true,"href":"https:\/\/novembremusicaldesvoirons.com\/index.php\/wp-json\/wp\/v2\/users\/3"}],"replies":[{"embeddable":true,"href":"https:\/\/novembremusicaldesvoirons.com\/index.php\/wp-json\/wp\/v2\/comments?post=266"}],"version-history":[{"count":14,"href":"https:\/\/novembremusicaldesvoirons.com\/index.php\/wp-json\/wp\/v2\/pages\/266\/revisions"}],"predecessor-version":[{"id":944,"href":"https:\/\/novembremusicaldesvoirons.com\/index.php\/wp-json\/wp\/v2\/pages\/266\/revisions\/944"}],"wp:attachment":[{"href":"https:\/\/novembremusicaldesvoirons.com\/index.php\/wp-json\/wp\/v2\/media?parent=266"}],"curies":[{"name":"wp","href":"https:\/\/api.w.org\/{rel}","templated":true}]}}